{"id":6172,"date":"2025-09-03T14:23:43","date_gmt":"2025-09-03T12:23:43","guid":{"rendered":"https:\/\/maisondelaphilo-romainville.org\/?page_id=6172"},"modified":"2025-12-17T17:36:40","modified_gmt":"2025-12-17T16:36:40","slug":"ippias","status":"publish","type":"page","link":"https:\/\/maisondelaphilo-romainville.org\/?page_id=6172","title":{"rendered":"IPPIAS"},"content":{"rendered":"\n<figure class=\"wp-block-image\" id=\"ippias\"><a href=\"https:\/\/maisondelaphilo-romainville.org\/?page_id=4391#menu\"><img loading=\"lazy\" decoding=\"async\" width=\"1024\" height=\"470\" src=\"https:\/\/maisondelaphilo-romainville.org\/wp-content\/uploads\/2024\/07\/Logo-IPPIAS-1024x470.png\" alt=\"\" class=\"wp-image-5471\" srcset=\"https:\/\/maisondelaphilo-romainville.org\/wp-content\/uploads\/2024\/07\/Logo-IPPIAS-1024x470.png 1024w, https:\/\/maisondelaphilo-romainville.org\/wp-content\/uploads\/2024\/07\/Logo-IPPIAS-300x138.png 300w, https:\/\/maisondelaphilo-romainville.org\/wp-content\/uploads\/2024\/07\/Logo-IPPIAS-768x353.png 768w, https:\/\/maisondelaphilo-romainville.org\/wp-content\/uploads\/2024\/07\/Logo-IPPIAS.png 1409w\" sizes=\"auto, (max-width: 1024px) 100vw, 1024px\" \/><\/a><\/figure>\n\n\n\n<p class=\"has-medium-font-size\">La Maison de la Philo de Romainville lance&nbsp;<strong>un Think Tank philosophique sur la question climatique<\/strong>.<\/p>\n\n\n\n<p class=\"has-medium-font-size\">Un pari aussi humble qu\u2019audacieux pour exp\u00e9rimenter&nbsp;<strong>la puissance de la philosophie face au plus grand enjeu de notre \u00e9poque !<\/strong><\/p>\n\n\n\n<p class=\"has-medium-font-size\">Un rendez-vous propos\u00e9<strong>&nbsp;un samedi sur deux<\/strong>, autour d\u2019un&nbsp;<mark>repas partag\u00e9 et d\u2019un atelier philo<\/mark>, imagin\u00e9 \u00e0 chaque fois pour mettre en relief une probl\u00e9matique pr\u00e9cise avec les outils des nouvelles pratiques philosophiques.<\/p>\n\n\n\n<p class=\"has-medium-font-size\">Le parcours se veut aussi \u00e9clairant qu\u2019enthousiasmant et ax\u00e9 sur l&#8217;articulation entre th\u00e9orie et pratique : nous chercherons ensemble \u00e0 m\u00ealer r\u00e9flexion et action !<\/p>\n\n\n\n<figure class=\"wp-block-image size-large\"><img loading=\"lazy\" decoding=\"async\" width=\"1024\" height=\"1024\" src=\"https:\/\/maisondelaphilo-romainville.org\/wp-content\/uploads\/2025\/12\/IPPIAS-7-1-1024x1024.png\" alt=\"\" class=\"wp-image-6377\" srcset=\"https:\/\/maisondelaphilo-romainville.org\/wp-content\/uploads\/2025\/12\/IPPIAS-7-1-1024x1024.png 1024w, https:\/\/maisondelaphilo-romainville.org\/wp-content\/uploads\/2025\/12\/IPPIAS-7-1-300x300.png 300w, https:\/\/maisondelaphilo-romainville.org\/wp-content\/uploads\/2025\/12\/IPPIAS-7-1-150x150.png 150w, https:\/\/maisondelaphilo-romainville.org\/wp-content\/uploads\/2025\/12\/IPPIAS-7-1-768x768.png 768w, https:\/\/maisondelaphilo-romainville.org\/wp-content\/uploads\/2025\/12\/IPPIAS-7-1-180x180.png 180w, https:\/\/maisondelaphilo-romainville.org\/wp-content\/uploads\/2025\/12\/IPPIAS-7-1.png 1080w\" sizes=\"auto, (max-width: 1024px) 100vw, 1024px\" \/><\/figure>\n\n\n\n<div style=\"height:51px\" aria-hidden=\"true\" class=\"wp-block-spacer\"><\/div>\n\n\n<div class=\"wp-block-image\">\n<figure class=\"aligncenter size-full is-resized\"><img loading=\"lazy\" decoding=\"async\" width=\"682\" height=\"923\" src=\"https:\/\/maisondelaphilo-romainville.org\/wp-content\/uploads\/2025\/10\/IPPIAS-programme.png\" alt=\"\" class=\"wp-image-6288\" style=\"width:730px;height:auto\" srcset=\"https:\/\/maisondelaphilo-romainville.org\/wp-content\/uploads\/2025\/10\/IPPIAS-programme.png 682w, https:\/\/maisondelaphilo-romainville.org\/wp-content\/uploads\/2025\/10\/IPPIAS-programme-222x300.png 222w\" sizes=\"auto, (max-width: 682px) 100vw, 682px\" \/><\/figure><\/div>\n\n\n<div style=\"height:51px\" aria-hidden=\"true\" class=\"wp-block-spacer\"><\/div>\n\n\n\n<div class=\"wp-block-columns is-layout-flex wp-container-core-columns-is-layout-9d6595d7 wp-block-columns-is-layout-flex\">\n<div class=\"wp-block-column is-layout-flow wp-block-column-is-layout-flow\" style=\"flex-basis:80%\">\n<iframe loading=\"lazy\" src=\"https:\/\/www.facebook.com\/plugins\/video.php?height=314&#038;href=https%3A%2F%2Fwww.facebook.com%2Freel%2F2221776568291945%2F&#038;show_text=false&#038;width=560&#038;t=0\" width=\"560\" height=\"314\" style=\"border:none;overflow:hidden\" scrolling=\"no\" frameborder=\"0\" allowfullscreen=\"true\" allow=\"autoplay; clipboard-write; encrypted-media; picture-in-picture; web-share\" allowFullScreen=\"true\"><\/iframe>\n<\/div>\n\n\n\n<div class=\"wp-block-column is-vertically-aligned-center has-medium-font-size is-layout-flow wp-block-column-is-layout-flow\" style=\"flex-basis:30%\">\n<p class=\"has-text-align-center has-medium-font-size\"><a href=\"https:\/\/maisondelaphilo-romainville.org\/wp-content\/uploads\/2024\/09\/Fiche-inscription-IPPIAS.pdf\" title=\"\">Fiche inscription IPPIAS \u00e0 t\u00e9l\u00e9charger<\/a><\/p>\n<\/div>\n<\/div>\n\n\n\n<div style=\"height:51px\" aria-hidden=\"true\" class=\"wp-block-spacer\"><\/div>\n","protected":false},"excerpt":{"rendered":"<p>La Maison de la Philo de Romainville lance&nbsp;un Think Tank philosophique sur la question climatique. Un pari aussi humble qu\u2019audacieux pour exp\u00e9rimenter&nbsp;la puissance de la philosophie face au plus grand enjeu de notre \u00e9poque ! Un rendez-vous propos\u00e9&nbsp;un samedi sur deux, autour d\u2019un&nbsp;repas partag\u00e9 et d\u2019un atelier philo, imagin\u00e9 \u00e0 chaque fois pour mettre en&hellip; <a href=\"https:\/\/maisondelaphilo-romainville.org\/?page_id=6172\" class=\"more-link\">Continue reading <span class=\"screen-reader-text\">IPPIAS<\/span><\/a><\/p>\n","protected":false},"author":1,"featured_media":0,"parent":0,"menu_order":0,"comment_status":"closed","ping_status":"closed","template":"","meta":{"iawp_total_views":327,"footnotes":""},"class_list":["post-6172","page","type-page","status-publish","hentry","without-featured-image"],"aioseo_notices":[],"_links":{"self":[{"href":"https:\/\/maisondelaphilo-romainville.org\/index.php?rest_route=\/wp\/v2\/pages\/6172","targetHints":{"allow":["GET"]}}],"collection":[{"href":"https:\/\/maisondelaphilo-romainville.org\/index.php?rest_route=\/wp\/v2\/pages"}],"about":[{"href":"https:\/\/maisondelaphilo-romainville.org\/index.php?rest_route=\/wp\/v2\/types\/page"}],"author":[{"embeddable":true,"href":"https:\/\/maisondelaphilo-romainville.org\/index.php?rest_route=\/wp\/v2\/users\/1"}],"replies":[{"embeddable":true,"href":"https:\/\/maisondelaphilo-romainville.org\/index.php?rest_route=%2Fwp%2Fv2%2Fcomments&post=6172"}],"version-history":[{"count":19,"href":"https:\/\/maisondelaphilo-romainville.org\/index.php?rest_route=\/wp\/v2\/pages\/6172\/revisions"}],"predecessor-version":[{"id":6378,"href":"https:\/\/maisondelaphilo-romainville.org\/index.php?rest_route=\/wp\/v2\/pages\/6172\/revisions\/6378"}],"wp:attachment":[{"href":"https:\/\/maisondelaphilo-romainville.org\/index.php?rest_route=%2Fwp%2Fv2%2Fmedia&parent=6172"}],"curies":[{"name":"wp","href":"https:\/\/api.w.org\/{rel}","templated":true}]}}